{"id":297,"date":"2018-01-31T21:02:30","date_gmt":"2018-01-31T21:02:30","guid":{"rendered":"https:\/\/colettematte.com\/Bienvenue\/?page_id=297"},"modified":"2021-03-24T16:23:17","modified_gmt":"2021-03-24T16:23:17","slug":"installations-in-situ","status":"publish","type":"page","link":"https:\/\/colettematte.com\/Bienvenue\/installations-in-situ\/","title":{"rendered":"Installations in situ"},"content":{"rendered":"<p>[et_pb_section fb_built=\u00a0\u00bb1&Prime; admin_label=\u00a0\u00bbsection\u00a0\u00bb module_id=\u00a0\u00bbincite\u00a0\u00bb][et_pb_row admin_label=\u00a0\u00bbLigne\u00a0\u00bb][et_pb_column type=\u00a0\u00bb4_4&Prime; parallax=\u00a0\u00bboff\u00a0\u00bb parallax_method=\u00a0\u00bbon\u00a0\u00bb][et_pb_text admin_label=\u00a0\u00bbTexte\u00a0\u00bb]<\/p>\n<h3>Installation in situ<\/h3>\n<p>Int\u00e9gr\u00e9 \u00e0 l\u2019histoire du lieu ces installations, qui utilisent le lin, iront jusqu\u2019\u00e0 prendre forme dans l\u2019espace temps. Une approche concr\u00e8te et organique \u00e0 la d\u00e9couverte du mat\u00e9riau vivant qui se transforme au fil des jours, une c\u00e9l\u00e9bration des \u00e9nergies du lieu, de la nature et de sa lumi\u00e8re.<\/p>\n<p>[\/et_pb_text][\/et_pb_column][\/et_pb_row][et_pb_row custom_padding=\u00a0\u00bb27px|0px|27px|0px\u00a0\u00bb admin_label=\u00a0\u00bbrow\u00a0\u00bb][et_pb_column type=\u00a0\u00bb1_4&Prime; parallax=\u00a0\u00bboff\u00a0\u00bb parallax_method=\u00a0\u00bbon\u00a0\u00bb][\/et_pb_column][et_pb_column type=\u00a0\u00bb1_2&Prime; parallax=\u00a0\u00bboff\u00a0\u00bb parallax_method=\u00a0\u00bbon\u00a0\u00bb][et_pb_portfolio fullwidth=\u00a0\u00bboff\u00a0\u00bb posts_number=\u00a0\u00bb10&Prime; include_categories=\u00a0\u00bb7&Prime; show_categories=\u00a0\u00bboff\u00a0\u00bb show_pagination=\u00a0\u00bboff\u00a0\u00bb admin_label=\u00a0\u00bbPortefeuille\u00a0\u00bb]<\/p>\n<p>\u00a0<\/p>\n<p>[\/et_pb_portfolio][\/et_pb_column][et_pb_column type=\u00a0\u00bb1_4&Prime; parallax=\u00a0\u00bboff\u00a0\u00bb parallax_method=\u00a0\u00bbon\u00a0\u00bb][\/et_pb_column][\/et_pb_row][\/et_pb_section][et_pb_section fb_built=\u00a0\u00bb1&Prime; fullwidth=\u00a0\u00bbon\u00a0\u00bb admin_label=\u00a0\u00bbSection\u00a0\u00bb][et_pb_fullwidth_header header_fullscreen=\u00a0\u00bbon\u00a0\u00bb background_url=\u00a0\u00bbhttps:\/\/colettematte.com\/Bienvenue\/wp-content\/uploads\/2018\/01\/noeud.jpg\u00a0\u00bb parallax=\u00a0\u00bbon\u00a0\u00bb admin_label=\u00a0\u00bbEn-t\u00eate plein \u00e9cran\u00a0\u00bb][\/et_pb_fullwidth_header][\/et_pb_section][et_pb_section fb_built=\u00a0\u00bb1&Prime; admin_label=\u00a0\u00bbsection\u00a0\u00bb module_id=\u00a0\u00bbchromo\u00a0\u00bb][et_pb_row use_custom_width=\u00a0\u00bbon\u00a0\u00bb width_unit=\u00a0\u00bboff\u00a0\u00bb custom_width_percent=\u00a0\u00bb65%\u00a0\u00bb parallax_method_1=\u00a0\u00bboff\u00a0\u00bb admin_label=\u00a0\u00bbrow\u00a0\u00bb module_id=\u00a0\u00bbinteractive\u00a0\u00bb][et_pb_column type=\u00a0\u00bb4_4&Prime; parallax=\u00a0\u00bboff\u00a0\u00bb parallax_method=\u00a0\u00bboff\u00a0\u00bb][et_pb_text admin_label=\u00a0\u00bbTexte\u00a0\u00bb]<\/p>\n<h4><strong>Installations interactives<\/strong><\/h4>\n<p>Dans le but de rendre visible ce qui est invisible et d\u2019offrir plusieurs niveaux de lecture \u00e0 mes r\u00e9alisations je propose, depuis 1997, des installations interactives qui permettent \u00e0 l\u2019observateur de vivre une exp\u00e9rience chromo-cin\u00e9tique avec la lumi\u00e8re.<br \/>\nLa partie active de l\u2019oeuvre, pr\u00e9sent\u00e9e entre deux verres, est \u00e0 premi\u00e8re vue incolore, en nuance de gris. Les pi\u00e8ces de verre sont serties dans un r\u00e9seau de plomb, tel un vitrail incolore.<br \/>\nPour go\u00fbter \u00e0 l\u2019exp\u00e9rience sensorielle propos\u00e9e, le participant doit se munir d\u2019un accessoire de type polarisant (inclus dans mes propositions) et bouger devant l\u2019oeuvre afin de l\u2019activer et ainsi d\u00e9couvrir les variations de couleurs qu\u2019elle propose. De plus, si plusieurs personnes s\u2019activent en m\u00eame temps, une nouvelle dynamique s\u2019ajoute \u00e0 l\u2019exp\u00e9rience visuelle partag\u00e9e.<\/p>\n<p>[\/et_pb_text][et_pb_portfolio fullwidth=\u00a0\u00bboff\u00a0\u00bb posts_number=\u00a0\u00bb10&Prime; include_categories=\u00a0\u00bb13&Prime; show_categories=\u00a0\u00bboff\u00a0\u00bb show_pagination=\u00a0\u00bboff\u00a0\u00bb admin_label=\u00a0\u00bbPortefeuille\u00a0\u00bb use_border_color=\u00a0\u00bbon\u00a0\u00bb]<\/p>\n<p>\u00a0<\/p>\n<p>[\/et_pb_portfolio][\/et_pb_column][\/et_pb_row][\/et_pb_section][et_pb_section fb_built=\u00a0\u00bb1&Prime; fullwidth=\u00a0\u00bbon\u00a0\u00bb admin_label=\u00a0\u00bbSection\u00a0\u00bb][et_pb_fullwidth_header header_fullscreen=\u00a0\u00bbon\u00a0\u00bb background_url=\u00a0\u00bbhttps:\/\/colettematte.com\/Bienvenue\/wp-content\/uploads\/2018\/01\/papier.jpg\u00a0\u00bb parallax=\u00a0\u00bbon\u00a0\u00bb admin_label=\u00a0\u00bbEn-t\u00eate plein \u00e9cran\u00a0\u00bb][\/et_pb_fullwidth_header][\/et_pb_section][et_pb_section fb_built=\u00a0\u00bb1&Prime; admin_label=\u00a0\u00bbsection\u00a0\u00bb module_id=\u00a0\u00bbcitoyenne\u00a0\u00bb][et_pb_row use_custom_width=\u00a0\u00bbon\u00a0\u00bb width_unit=\u00a0\u00bboff\u00a0\u00bb custom_width_percent=\u00a0\u00bb65%\u00a0\u00bb parallax_method_1=\u00a0\u00bboff\u00a0\u00bb admin_label=\u00a0\u00bbrow\u00a0\u00bb][et_pb_column type=\u00a0\u00bb4_4&Prime; parallax=\u00a0\u00bboff\u00a0\u00bb parallax_method=\u00a0\u00bboff\u00a0\u00bb][et_pb_text admin_label=\u00a0\u00bbTexte\u00a0\u00bb]<\/p>\n<h4><strong>Installation in situ et participation citoyenne<\/strong><\/h4>\n<p>Depuis 2006, je pr\u00e9sente des installations dans lesquelles la population est invit\u00e9e \u00e0 participer. Je con\u00e7ois mes propositions, en fonction du lieu d\u2019exposition et de son histoire, de mani\u00e8re \u00e0 favoriser la participation du plus grand nombre de personnes. La r\u00e9alisation de ces projets participatifs se d\u00e9roule, souvent durant plusieurs mois, sous forme d\u2019ateliers dirig\u00e9s, \u00e0 mon atelier ou \u00e0 proximit\u00e9 des lieux de la future exposition. Le projet est adapt\u00e9, de mani\u00e8re \u00e0 favoriser la cr\u00e9ativit\u00e9 de tous, de sorte que chaque personne puisse reconna\u00eetre sa contribution sur le site de l\u2019exposition.<\/p>\n<p>[\/et_pb_text][\/et_pb_column][\/et_pb_row][\/et_pb_section][et_pb_section fb_built=\u00a0\u00bb1&Prime; admin_label=\u00a0\u00bbSection\u00a0\u00bb][et_pb_row admin_label=\u00a0\u00bbLigne\u00a0\u00bb][et_pb_column type=\u00a0\u00bb4_4&Prime; parallax=\u00a0\u00bboff\u00a0\u00bb parallax_method=\u00a0\u00bbon\u00a0\u00bb][et_pb_portfolio fullwidth=\u00a0\u00bboff\u00a0\u00bb posts_number=\u00a0\u00bb10&Prime; include_categories=\u00a0\u00bb12&Prime; show_categories=\u00a0\u00bboff\u00a0\u00bb show_pagination=\u00a0\u00bboff\u00a0\u00bb admin_label=\u00a0\u00bbPortefeuille\u00a0\u00bb]<\/p>\n<p>\u00a0<\/p>\n<p>[\/et_pb_portfolio][\/et_pb_column][\/et_pb_row][\/et_pb_section]<\/p>\n","protected":false},"excerpt":{"rendered":"<p>[et_pb_section fb_built=\u00a0\u00bb1&Prime; admin_label=\u00a0\u00bbsection\u00a0\u00bb module_id=\u00a0\u00bbincite\u00a0\u00bb][et_pb_row admin_label=\u00a0\u00bbLigne\u00a0\u00bb][et_pb_column type=\u00a0\u00bb4_4&Prime; parallax=\u00a0\u00bboff\u00a0\u00bb parallax_method=\u00a0\u00bbon\u00a0\u00bb][et_pb_text admin_label=\u00a0\u00bbTexte\u00a0\u00bb] Installation in situ Int\u00e9gr\u00e9 \u00e0 l\u2019histoire du lieu ces installations, qui utilisent le lin, iront jusqu\u2019\u00e0 prendre forme dans l\u2019espace temps. Une approche concr\u00e8te et organique \u00e0 la d\u00e9couverte du mat\u00e9riau vivant qui se transforme au fil des jours, une c\u00e9l\u00e9bration des \u00e9nergies du lieu, de [&hellip;]<\/p>\n","protected":false},"author":1,"featured_media":0,"parent":0,"menu_order":0,"comment_status":"closed","ping_status":"closed","template":"","meta":{"_et_pb_use_builder":"on","_et_pb_old_content":"","_et_gb_content_width":"","footnotes":""},"class_list":["post-297","page","type-page","status-publish","hentry"],"_links":{"self":[{"href":"https:\/\/colettematte.com\/Bienvenue\/wp-json\/wp\/v2\/pages\/297","targetHints":{"allow":["GET"]}}],"collection":[{"href":"https:\/\/colettematte.com\/Bienvenue\/wp-json\/wp\/v2\/pages"}],"about":[{"href":"https:\/\/colettematte.com\/Bienvenue\/wp-json\/wp\/v2\/types\/page"}],"author":[{"embeddable":true,"href":"https:\/\/colettematte.com\/Bienvenue\/wp-json\/wp\/v2\/users\/1"}],"replies":[{"embeddable":true,"href":"https:\/\/colettematte.com\/Bienvenue\/wp-json\/wp\/v2\/comments?post=297"}],"version-history":[{"count":31,"href":"https:\/\/colettematte.com\/Bienvenue\/wp-json\/wp\/v2\/pages\/297\/revisions"}],"predecessor-version":[{"id":1039,"href":"https:\/\/colettematte.com\/Bienvenue\/wp-json\/wp\/v2\/pages\/297\/revisions\/1039"}],"wp:attachment":[{"href":"https:\/\/colettematte.com\/Bienvenue\/wp-json\/wp\/v2\/media?parent=297"}],"curies":[{"name":"wp","href":"https:\/\/api.w.org\/{rel}","templated":true}]}}