{"id":364,"date":"2018-01-01T15:03:05","date_gmt":"2018-01-01T15:03:05","guid":{"rendered":"https:\/\/colettematte.com\/Bienvenue\/?post_type=project&#038;p=364"},"modified":"2018-05-01T19:01:39","modified_gmt":"2018-05-01T19:01:39","slug":"le-pave-des-rendez-vous-2017","status":"publish","type":"project","link":"https:\/\/colettematte.com\/Bienvenue\/project\/le-pave-des-rendez-vous-2017\/","title":{"rendered":"Le pav\u00e9 des rendez-vous"},"content":{"rendered":"<p>[et_pb_section bb_built=\u00a0\u00bb1&Prime; admin_label=\u00a0\u00bbsection\u00a0\u00bb][et_pb_row admin_label=\u00a0\u00bbrow\u00a0\u00bb][et_pb_column type=\u00a0\u00bb2_3&Prime;][et_pb_text admin_label=\u00a0\u00bbTexte\u00a0\u00bb background_layout=\u00a0\u00bblight\u00a0\u00bb text_orientation=\u00a0\u00bbleft\u00a0\u00bb use_border_color=\u00a0\u00bboff\u00a0\u00bb border_color=\u00a0\u00bb#ffffff\u00a0\u00bb border_style=\u00a0\u00bbsolid\u00a0\u00bb]<\/p>\n<h4><em>Le pav\u00e9 des rendez-vous <\/em>2017<\/h4>\n<p><i>Le pav\u00e9 des rendez-vous <\/i>est un projet artiste-communaut\u00e9, il a \u00e9t\u00e9 con\u00e7u par l\u2019artiste, autoris\u00e9 par La Fabrique et r\u00e9alis\u00e9 en comptant sur la participation citoyenne. Cette installation, de plus de 800 petits blocs de granit taill\u00e9s sp\u00e9cialement pour le projet, a \u00e9t\u00e9 r\u00e9alis\u00e9e entre le 19 et le 25 octobre 2017 sur La Place de L\u2019\u00c9glise de Cap-Sant\u00e9. 33 personnes ont assist\u00e9 l\u2019artiste dans la pose du pav\u00e9 et 130 personnes ont particip\u00e9 au financement du projet en achetant 261 petits blocs \u00e0 5 $ chacun.<\/p>\n<p>En lien direct avec la sculpture comm\u00e9morative: <i>Que fais-tu dimanche ? <\/i>cette installation ajoute une valeur significative aux propos de soutien et d\u2019entraide, symboliquement repr\u00e9sent\u00e9s dans la partie vitr\u00e9e de l\u2019oeuvre, con\u00e7ue par l\u2019artiste en 2004. La qualit\u00e9 de l\u2019ex\u00e9cution du pav\u00e9, un travail encadr\u00e9 par un professionnel de l\u2019am\u00e9nagement paysager, ainsi que le choix des mat\u00e9riaux utilis\u00e9s, contribuent \u00e0 favoriser la p\u00e9rennit\u00e9 des ouvrages. <i>Le pav\u00e9 des rendez-vous<\/i> s\u2019inscrit ainsi dans cette optique de d\u00e9veloppement durable, tout en faisant oeuvre de m\u00e9moire pour les g\u00e9n\u00e9rations actuelles et futures.<\/p>\n<p>[\/et_pb_text][\/et_pb_column][et_pb_column type=\u00a0\u00bb1_3&Prime;][et_pb_image admin_label=\u00a0\u00bbImage\u00a0\u00bb src=\u00a0\u00bbhttps:\/\/colettematte.com\/Bienvenue\/wp-content\/uploads\/2018\/03\/Pav\u00e9-des-rendez-vous-1.jpg\u00a0\u00bb show_in_lightbox=\u00a0\u00bboff\u00a0\u00bb url_new_window=\u00a0\u00bboff\u00a0\u00bb use_overlay=\u00a0\u00bboff\u00a0\u00bb sticky=\u00a0\u00bboff\u00a0\u00bb align=\u00a0\u00bbleft\u00a0\u00bb always_center_on_mobile=\u00a0\u00bbon\u00a0\u00bb use_border_color=\u00a0\u00bboff\u00a0\u00bb border_color=\u00a0\u00bb#ffffff\u00a0\u00bb border_style=\u00a0\u00bbsolid\u00a0\u00bb force_fullwidth=\u00a0\u00bboff\u00a0\u00bb animation=\u00a0\u00bbleft\u00a0\u00bb \/][et_pb_image admin_label=\u00a0\u00bbImage\u00a0\u00bb src=\u00a0\u00bbhttps:\/\/colettematte.com\/Bienvenue\/wp-content\/uploads\/2018\/01\/IMG_3625.jpg\u00a0\u00bb show_in_lightbox=\u00a0\u00bboff\u00a0\u00bb url_new_window=\u00a0\u00bboff\u00a0\u00bb use_overlay=\u00a0\u00bboff\u00a0\u00bb sticky=\u00a0\u00bboff\u00a0\u00bb align=\u00a0\u00bbleft\u00a0\u00bb always_center_on_mobile=\u00a0\u00bbon\u00a0\u00bb use_border_color=\u00a0\u00bboff\u00a0\u00bb border_color=\u00a0\u00bb#ffffff\u00a0\u00bb border_style=\u00a0\u00bbsolid\u00a0\u00bb force_fullwidth=\u00a0\u00bboff\u00a0\u00bb animation=\u00a0\u00bbleft\u00a0\u00bb \/][\/et_pb_column][\/et_pb_row][et_pb_row admin_label=\u00a0\u00bbLigne\u00a0\u00bb][et_pb_column type=\u00a0\u00bb1_3&Prime;][et_pb_text admin_label=\u00a0\u00bbTexte\u00a0\u00bb background_layout=\u00a0\u00bblight\u00a0\u00bb text_orientation=\u00a0\u00bbleft\u00a0\u00bb use_border_color=\u00a0\u00bboff\u00a0\u00bb border_color=\u00a0\u00bb#ffffff\u00a0\u00bb border_style=\u00a0\u00bbsolid\u00a0\u00bb]<\/p>\n<p>Le pav\u00e9 des rendez-vous,<br \/>\nune installation permanente,<br \/>\nun projet artiste-communaut\u00e9<br \/>\nLIEU: Place de L\u2019\u00c9glise de Cap-Sant\u00e9<br \/>\nANN\u00c9E:\u00a0 2017<br \/>\nDIMENSION DU PAV\u00c9:<br \/>\nL:\u00a0 3,5 m<br \/>\nP: 2,75 m<br \/>\nMAT\u00c9RIAU:\u00a0 pierre,granit P\u00e9ribonka<\/p>\n<p>[\/et_pb_text][\/et_pb_column][et_pb_column type=\u00a0\u00bb1_3&Prime;][et_pb_image admin_label=\u00a0\u00bbImage\u00a0\u00bb show_in_lightbox=\u00a0\u00bbon\u00a0\u00bb url_new_window=\u00a0\u00bboff\u00a0\u00bb use_overlay=\u00a0\u00bboff\u00a0\u00bb sticky=\u00a0\u00bboff\u00a0\u00bb align=\u00a0\u00bbleft\u00a0\u00bb always_center_on_mobile=\u00a0\u00bbon\u00a0\u00bb use_border_color=\u00a0\u00bboff\u00a0\u00bb border_color=\u00a0\u00bb#ffffff\u00a0\u00bb border_style=\u00a0\u00bbsolid\u00a0\u00bb force_fullwidth=\u00a0\u00bboff\u00a0\u00bb animation=\u00a0\u00bbleft\u00a0\u00bb src=\u00a0\u00bbhttps:\/\/colettematte.com\/Bienvenue\/wp-content\/uploads\/2018\/03\/Pav\u00e9-des-rendez-vous-2.jpg\u00a0\u00bb \/][\/et_pb_column][et_pb_column type=\u00a0\u00bb1_3&Prime;][et_pb_image admin_label=\u00a0\u00bbImage\u00a0\u00bb show_in_lightbox=\u00a0\u00bbon\u00a0\u00bb url_new_window=\u00a0\u00bboff\u00a0\u00bb use_overlay=\u00a0\u00bboff\u00a0\u00bb sticky=\u00a0\u00bboff\u00a0\u00bb align=\u00a0\u00bbleft\u00a0\u00bb always_center_on_mobile=\u00a0\u00bbon\u00a0\u00bb use_border_color=\u00a0\u00bboff\u00a0\u00bb border_color=\u00a0\u00bb#ffffff\u00a0\u00bb border_style=\u00a0\u00bbsolid\u00a0\u00bb force_fullwidth=\u00a0\u00bboff\u00a0\u00bb animation=\u00a0\u00bbleft\u00a0\u00bb src=\u00a0\u00bbhttps:\/\/colettematte.com\/Bienvenue\/wp-content\/uploads\/2018\/03\/Pav\u00e9-des-rendez-vous-3.jpg\u00a0\u00bb \/][\/et_pb_column][\/et_pb_row][et_pb_row admin_label=\u00a0\u00bbLigne\u00a0\u00bb][et_pb_column type=\u00a0\u00bb1_3&Prime;][\/et_pb_column][et_pb_column type=\u00a0\u00bb1_3&Prime;][\/et_pb_column][et_pb_column type=\u00a0\u00bb1_3&Prime;][\/et_pb_column][\/et_pb_row][\/et_pb_section][et_pb_section bb_built=\u00a0\u00bb1&Prime; admin_label=\u00a0\u00bbSection\u00a0\u00bb fullwidth=\u00a0\u00bboff\u00a0\u00bb specialty=\u00a0\u00bboff\u00a0\u00bb transparent_background=\u00a0\u00bboff\u00a0\u00bb allow_player_pause=\u00a0\u00bboff\u00a0\u00bb inner_shadow=\u00a0\u00bboff\u00a0\u00bb parallax=\u00a0\u00bboff\u00a0\u00bb parallax_method=\u00a0\u00bbon\u00a0\u00bb make_fullwidth=\u00a0\u00bboff\u00a0\u00bb use_custom_width=\u00a0\u00bboff\u00a0\u00bb width_unit=\u00a0\u00bbon\u00a0\u00bb make_equal=\u00a0\u00bboff\u00a0\u00bb use_custom_gutter=\u00a0\u00bboff\u00a0\u00bb][et_pb_row admin_label=\u00a0\u00bbLigne\u00a0\u00bb][et_pb_column type=\u00a0\u00bb1_3&Prime;][\/et_pb_column][et_pb_column type=\u00a0\u00bb1_3&Prime;][\/et_pb_column][et_pb_column type=\u00a0\u00bb1_3&Prime;][\/et_pb_column][\/et_pb_row][\/et_pb_section]<\/p>\n","protected":false},"excerpt":{"rendered":"<p>[et_pb_section bb_built=\u00a0\u00bb1&Prime; admin_label=\u00a0\u00bbsection\u00a0\u00bb][et_pb_row admin_label=\u00a0\u00bbrow\u00a0\u00bb][et_pb_column type=\u00a0\u00bb2_3&Prime;][et_pb_text admin_label=\u00a0\u00bbTexte\u00a0\u00bb background_layout=\u00a0\u00bblight\u00a0\u00bb text_orientation=\u00a0\u00bbleft\u00a0\u00bb use_border_color=\u00a0\u00bboff\u00a0\u00bb border_color=\u00a0\u00bb#ffffff\u00a0\u00bb border_style=\u00a0\u00bbsolid\u00a0\u00bb] Le pav\u00e9 des rendez-vous 2017 Le pav\u00e9 des rendez-vous est un projet artiste-communaut\u00e9, il a \u00e9t\u00e9 con\u00e7u par l\u2019artiste, autoris\u00e9 par La Fabrique et r\u00e9alis\u00e9 en comptant sur la participation citoyenne. Cette installation, de plus de 800 petits blocs de granit taill\u00e9s sp\u00e9cialement pour [&hellip;]<\/p>\n","protected":false},"author":1,"featured_media":517,"comment_status":"open","ping_status":"closed","template":"","meta":{"_et_pb_use_builder":"on","_et_pb_old_content":"","_et_gb_content_width":"","footnotes":""},"project_category":[3,12,8],"project_tag":[],"class_list":["post-364","project","type-project","status-publish","has-post-thumbnail","hentry","project_category-installations","project_category-installation-avec-participation-citoyenne","project_category-oeuvre-permanente"],"_links":{"self":[{"href":"https:\/\/colettematte.com\/Bienvenue\/wp-json\/wp\/v2\/project\/364","targetHints":{"allow":["GET"]}}],"collection":[{"href":"https:\/\/colettematte.com\/Bienvenue\/wp-json\/wp\/v2\/project"}],"about":[{"href":"https:\/\/colettematte.com\/Bienvenue\/wp-json\/wp\/v2\/types\/project"}],"author":[{"embeddable":true,"href":"https:\/\/colettematte.com\/Bienvenue\/wp-json\/wp\/v2\/users\/1"}],"replies":[{"embeddable":true,"href":"https:\/\/colettematte.com\/Bienvenue\/wp-json\/wp\/v2\/comments?post=364"}],"version-history":[{"count":21,"href":"https:\/\/colettematte.com\/Bienvenue\/wp-json\/wp\/v2\/project\/364\/revisions"}],"predecessor-version":[{"id":1016,"href":"https:\/\/colettematte.com\/Bienvenue\/wp-json\/wp\/v2\/project\/364\/revisions\/1016"}],"wp:featuredmedia":[{"embeddable":true,"href":"https:\/\/colettematte.com\/Bienvenue\/wp-json\/wp\/v2\/media\/517"}],"wp:attachment":[{"href":"https:\/\/colettematte.com\/Bienvenue\/wp-json\/wp\/v2\/media?parent=364"}],"wp:term":[{"taxonomy":"project_category","embeddable":true,"href":"https:\/\/colettematte.com\/Bienvenue\/wp-json\/wp\/v2\/project_category?post=364"},{"taxonomy":"project_tag","embeddable":true,"href":"https:\/\/colettematte.com\/Bienvenue\/wp-json\/wp\/v2\/project_tag?post=364"}],"curies":[{"name":"wp","href":"https:\/\/api.w.org\/{rel}","templated":true}]}}